{"id":164,"date":"2020-12-05T07:30:24","date_gmt":"2020-12-05T07:30:24","guid":{"rendered":"https:\/\/centerhermeneutics.org\/?page_id=164"},"modified":"2024-10-24T08:04:01","modified_gmt":"2024-10-24T08:04:01","slug":"publications","status":"publish","type":"page","link":"https:\/\/centerhermeneutics.org\/?page_id=164","title":{"rendered":"Publications"},"content":{"rendered":"<p style=\"text-align: center;\">Books published or edited by the members of the Center (selection)<\/p>\n<p><a href=\"https:\/\/www.editura.uaic.ro\/produse\/rezultatele-cautarii-pentru\/fenomenologia\/fenomenologia-mirarii-homer-platon-si-heidegger-1969\/1\">Fenomenologia mir\u0103rii. Homer, Platon \u0219i Heidegger<\/a> (Ioan Ciprian Bursuc)<\/p>\n<p><img loading=\"lazy\" decoding=\"async\" class=\"size-medium wp-image-335 aligncenter\" src=\"https:\/\/centerhermeneutics.org\/wp-content\/uploads\/2024\/10\/Fenomenologia-mirarii-300x222.jpg\" alt=\"\" width=\"300\" height=\"222\" srcset=\"https:\/\/centerhermeneutics.org\/wp-content\/uploads\/2024\/10\/Fenomenologia-mirarii-300x222.jpg 300w, https:\/\/centerhermeneutics.org\/wp-content\/uploads\/2024\/10\/Fenomenologia-mirarii-1024x756.jpg 1024w, https:\/\/centerhermeneutics.org\/wp-content\/uploads\/2024\/10\/Fenomenologia-mirarii-768x567.jpg 768w, https:\/\/centerhermeneutics.org\/wp-content\/uploads\/2024\/10\/Fenomenologia-mirarii-1536x1134.jpg 1536w, https:\/\/centerhermeneutics.org\/wp-content\/uploads\/2024\/10\/Fenomenologia-mirarii-2048x1513.jpg 2048w\" sizes=\"(max-width: 300px) 100vw, 300px\" \/><\/p>\n<p><a href=\"https:\/\/www.editura.uaic.ro\/produse\/editura\/aparitii-recente\/vointa-si-norma-1895\/1\" target=\"_blank\" rel=\"noopener\">Voin\u021b\u0103 \u0219i norm\u0103<\/a> (editori: Cristian Moisuc, Bogdan Guguianu)<\/p>\n<p><img loading=\"lazy\" decoding=\"async\" class=\"aligncenter wp-image-306\" src=\"https:\/\/centerhermeneutics.org\/wp-content\/uploads\/2022\/11\/Vointa-si-norma-197x300.jpg\" alt=\"\" width=\"181\" height=\"276\" srcset=\"https:\/\/centerhermeneutics.org\/wp-content\/uploads\/2022\/11\/Vointa-si-norma-197x300.jpg 197w, https:\/\/centerhermeneutics.org\/wp-content\/uploads\/2022\/11\/Vointa-si-norma.jpg 296w\" sizes=\"(max-width: 181px) 100vw, 181px\" \/><\/p>\n<p>&nbsp;<\/p>\n<p><a href=\"https:\/\/edituraspandugino.ro\/acasa\/154-dansul-mastilor.html\" target=\"_blank\" rel=\"noopener\">Dansul m\u0103\u0219tilor<\/a>\u00a0 &#8211; edi\u021bia a doua &#8211; (George Bondor)<\/p>\n<p><img loading=\"lazy\" decoding=\"async\" class=\"aligncenter wp-image-303\" src=\"https:\/\/centerhermeneutics.org\/wp-content\/uploads\/2022\/11\/Dansul-Mastilor-188x300.jpg\" alt=\"\" width=\"159\" height=\"254\" srcset=\"https:\/\/centerhermeneutics.org\/wp-content\/uploads\/2022\/11\/Dansul-Mastilor-188x300.jpg 188w, https:\/\/centerhermeneutics.org\/wp-content\/uploads\/2022\/11\/Dansul-Mastilor.jpg 500w\" sizes=\"(max-width: 159px) 100vw, 159px\" \/><\/p>\n<p><a href=\"https:\/\/www.editura.uaic.ro\/produse\/colectii\/sophia\/ordine-si-libertate-de-la-metafizica-la-politica-1777\/1\" target=\"_blank\" rel=\"noopener\">Ordine \u0219i libertate. De la metafizic\u0103 la politic\u0103<\/a> (editori: Cristian Moisuc, Viorel \u021au\u021bui)<\/p>\n<p><img loading=\"lazy\" decoding=\"async\" class=\"aligncenter wp-image-305\" src=\"https:\/\/centerhermeneutics.org\/wp-content\/uploads\/2022\/11\/Ordine-si-libertate-195x300.jpg\" alt=\"\" width=\"205\" height=\"315\" srcset=\"https:\/\/centerhermeneutics.org\/wp-content\/uploads\/2022\/11\/Ordine-si-libertate-195x300.jpg 195w, https:\/\/centerhermeneutics.org\/wp-content\/uploads\/2022\/11\/Ordine-si-libertate.jpg 293w\" sizes=\"(max-width: 205px) 100vw, 205px\" \/><\/p>\n<p><a href=\"https:\/\/www.libris.ro\/fabula-existentiala-stefan-afloroaei-POL978-973-463-7468---p10728011.html\" target=\"_blank\" rel=\"noopener noreferrer\">Fabula existen\u021bial\u0103<\/a> (Stefan Afloroaei)<\/p>\n<p><img loading=\"lazy\" decoding=\"async\" class=\" wp-image-138 aligncenter\" src=\"https:\/\/centerhermeneutics.org\/wp-content\/uploads\/2020\/12\/Aflor-1-195x300.jpg\" alt=\"\" width=\"218\" height=\"335\" srcset=\"https:\/\/centerhermeneutics.org\/wp-content\/uploads\/2020\/12\/Aflor-1-195x300.jpg 195w, https:\/\/centerhermeneutics.org\/wp-content\/uploads\/2020\/12\/Aflor-1.jpg 390w\" sizes=\"(max-width: 218px) 100vw, 218px\" \/><\/p>\n<p><em><a href=\"http:\/\/www.editura.uaic.ro\/produse\/colectii\/sophia\/hermeneutica-si-discontinuitate-studii-de-arheologie-discursiva-1019\/1\" target=\"_blank\" rel=\"noopener noreferrer\">Hermeneutic\u0103 \u015fi discontinuitate. Studii de arheologie discursiv\u0103<\/a> (<\/em>Corneliu D. B\u00eelb\u0103)<\/p>\n<p><img loading=\"lazy\" decoding=\"async\" class=\"aligncenter size-medium wp-image-137\" src=\"https:\/\/centerhermeneutics.org\/wp-content\/uploads\/2020\/12\/Corneliu-1-209x300.jpg\" alt=\"\" width=\"209\" height=\"300\" srcset=\"https:\/\/centerhermeneutics.org\/wp-content\/uploads\/2020\/12\/Corneliu-1-209x300.jpg 209w, https:\/\/centerhermeneutics.org\/wp-content\/uploads\/2020\/12\/Corneliu-1.jpg 303w\" sizes=\"(max-width: 209px) 100vw, 209px\" \/><\/p>\n<p><a href=\"https:\/\/phenomenology.ro\/george-bondor-dansul-mastilor-nietzsche-si-filozofia-interpretarii\/\" target=\"_blank\" rel=\"noopener noreferrer\">Dansul m\u0103stilor. Nietzsche \u0219i filozofia interpret\u0103rii<\/a>\u00a0 (George Bondor)<\/p>\n<p><img loading=\"lazy\" decoding=\"async\" class=\"aligncenter wp-image-139\" src=\"https:\/\/centerhermeneutics.org\/wp-content\/uploads\/2020\/12\/Bondor-1.jpg\" alt=\"\" width=\"216\" height=\"333\" \/><\/p>\n<p><a href=\"https:\/\/www.amazon.com\/Metaphysique-Theologie-chez-Nicolas-Malebranche\/dp\/6068266540\" target=\"_blank\" rel=\"noopener noreferrer\">M\u00e9taphysique et th\u00e9ologie chez Nicolas Malebranche<\/a> (Cristian Moisuc)<\/p>\n<p><img loading=\"lazy\" decoding=\"async\" class=\" wp-image-140 aligncenter\" src=\"https:\/\/centerhermeneutics.org\/wp-content\/uploads\/2020\/12\/Moisuc-1-195x300.jpg\" alt=\"\" width=\"196\" height=\"302\" srcset=\"https:\/\/centerhermeneutics.org\/wp-content\/uploads\/2020\/12\/Moisuc-1-195x300.jpg 195w, https:\/\/centerhermeneutics.org\/wp-content\/uploads\/2020\/12\/Moisuc-1.jpg 325w\" sizes=\"(max-width: 196px) 100vw, 196px\" \/><\/p>\n<p><a href=\"http:\/\/www.editura.uaic.ro\/produse\/colectii\/sophia\/ideea-europeana-in-filosofia-romaneasca-iii-1788\/1\" target=\"_blank\" rel=\"noopener\">Ideea european\u0103 \u00een filosofia rom\u00e2neasc\u0103 &#8211; III (George Bondor)<\/a><\/p>\n<p><img loading=\"lazy\" decoding=\"async\" class=\"wp-image-186 aligncenter\" src=\"https:\/\/centerhermeneutics.org\/wp-content\/uploads\/2021\/02\/Ideea-europeana.jpg\" alt=\"\" width=\"196\" height=\"300\" srcset=\"https:\/\/centerhermeneutics.org\/wp-content\/uploads\/2021\/02\/Ideea-europeana.jpg 294w, https:\/\/centerhermeneutics.org\/wp-content\/uploads\/2021\/02\/Ideea-europeana-196x300.jpg 196w\" sizes=\"(max-width: 196px) 100vw, 196px\" \/><\/p>\n<p><a href=\"http:\/\/www.editura.uaic.ro\/produse\/rezultatele-cautarii-pentru\/natura-si-ierarhie\/natura-si-ierarhie-metamorfoze-si-discontinuitati-1741\/1\" target=\"_blank\" rel=\"noopener\">Natur\u0103 \u0219i ierarhie. Metamorfoze \u0219i (dis)continuit\u0103\u021bi<\/a>\u00a0 (editori: Florin Cr\u00ee\u0219m\u0103reanu, Cristian Moisuc)<\/p>\n<p><img loading=\"lazy\" decoding=\"async\" class=\" wp-image-187 aligncenter\" src=\"https:\/\/centerhermeneutics.org\/wp-content\/uploads\/2021\/02\/Natura-si-ierarhie.jpg\" alt=\"\" width=\"195\" height=\"302\" srcset=\"https:\/\/centerhermeneutics.org\/wp-content\/uploads\/2021\/02\/Natura-si-ierarhie.jpg 291w, https:\/\/centerhermeneutics.org\/wp-content\/uploads\/2021\/02\/Natura-si-ierarhie-194x300.jpg 194w\" sizes=\"(max-width: 195px) 100vw, 195px\" \/><\/p>\n","protected":false},"excerpt":{"rendered":"<p>Books published or edited by the members of the Center (selection) Fenomenologia mir\u0103rii. Homer, Platon \u0219i Heidegger (Ioan Ciprian Bursuc) Voin\u021b\u0103 \u0219i norm\u0103 (editori: Cristian Moisuc, Bogdan Guguianu) &nbsp; Dansul m\u0103\u0219tilor\u00a0 &#8211; edi\u021bia a doua &#8211; (George Bondor) Ordine \u0219i &hellip; <a href=\"https:\/\/centerhermeneutics.org\/?page_id=164\">Continue reading <span class=\"meta-nav\">&rarr;<\/span><\/a><\/p>\n","protected":false},"author":1,"featured_media":0,"parent":0,"menu_order":0,"comment_status":"closed","ping_status":"closed","template":"","meta":{"footnotes":""},"_links":{"self":[{"href":"https:\/\/centerhermeneutics.org\/index.php?rest_route=\/wp\/v2\/pages\/164"}],"collection":[{"href":"https:\/\/centerhermeneutics.org\/index.php?rest_route=\/wp\/v2\/pages"}],"about":[{"href":"https:\/\/centerhermeneutics.org\/index.php?rest_route=\/wp\/v2\/types\/page"}],"author":[{"embeddable":true,"href":"https:\/\/centerhermeneutics.org\/index.php?rest_route=\/wp\/v2\/users\/1"}],"replies":[{"embeddable":true,"href":"https:\/\/centerhermeneutics.org\/index.php?rest_route=%2Fwp%2Fv2%2Fcomments&post=164"}],"version-history":[{"count":9,"href":"https:\/\/centerhermeneutics.org\/index.php?rest_route=\/wp\/v2\/pages\/164\/revisions"}],"predecessor-version":[{"id":338,"href":"https:\/\/centerhermeneutics.org\/index.php?rest_route=\/wp\/v2\/pages\/164\/revisions\/338"}],"wp:attachment":[{"href":"https:\/\/centerhermeneutics.org\/index.php?rest_route=%2Fwp%2Fv2%2Fmedia&parent=164"}],"curies":[{"name":"wp","href":"https:\/\/api.w.org\/{rel}","templated":true}]}}